{"id":10700,"date":"2020-10-18T20:36:50","date_gmt":"2020-10-19T10:22:28","guid":{"rendered":"https:\/\/www.citroen-klassiekers.nl\/?post_type=product&#038;p=10700"},"modified":"2020-10-19T11:48:31","modified_gmt":"2020-10-19T10:48:31","slug":"citroen-2cv6-spezial-1982","status":"publish","type":"product","link":"https:\/\/www.citroen-klassiekers.nl\/de\/produkt\/citroen-2cv6-spezial-1982\/","title":{"rendered":"Citro\u00ebn 2cv6 Spezial 1982"},"content":{"rendered":"<p>Citro\u00ebn 2cv6 Spezial<br \/>\nProduktionsjahr: 1982<br \/>\nKilometerstand: 76415<br \/>\nFarbe: Gelb \/ Rot<\/p>\n<p>Dieser sch\u00f6ne fr\u00f6hliche 2cv hat ordentliche Bodenplatten, Fu\u00dfst\u00fctze und Chassis.<br \/>\nDas Windschutzscheibenformteil und das Motorhaubenscharnier wurden k\u00fcrzlich ersetzt.<br \/>\nDas Dach ist ordentlich, ebenso wie die Reifen, der Motor (mit 123 Z\u00fcndung) und die Box.<br \/>\nEs wurde bereits grundlegend von uns \u00fcberarbeitet und nach einer gr\u00fcndlichen Reinigung wird es kurz vor der Auslieferung einen neuen T\u00dcV erhalten.<br \/>\nDas Innere ist ordentlich, aber die Farbe hat einige Gebrauchsspuren. Wenn Sie nichts dagegen haben, dann ist dies wirklich eine Ente f\u00fcr Sie! Es f\u00e4hrt sich sehr gut und ist gut gepflegt.<br \/>\nDer Preis f\u00fcr diese Ente ist nicht schlecht, n\u00e4mlich 7750 \u20ac.<br \/>\nRufen Sie einfach an, wenn Sie es im wirklichen Leben sehen und eine Probefahrt machen m\u00f6chten.<br \/>\nTel. 0345-681454<\/p>\n","protected":false},"excerpt":{"rendered":"<p>Citro\u00ebn 2cv6 Spezial<br \/>\nProduktionsjahr: 1982<br \/>\nKilometerstand: 76415<br \/>\nFarbe: Gelb \/ Rot<\/p>\n<p>Dieser sch\u00f6ne fr\u00f6hliche 2cv hat ordentliche Bodenplatten, Fu\u00dfst\u00fctze und Chassis.<br \/>\nDas Windschutzscheibenformteil und das Motorhaubenscharnier wurden k\u00fcrzlich ersetzt.<br \/>\nDas Dach ist ordentlich, ebenso wie die Reifen, der Motor (mit 123 Z\u00fcndung) und die Box.<br \/>\nEs wurde bereits grundlegend von uns \u00fcberarbeitet und nach einer gr\u00fcndlichen Reinigung wird es kurz vor der Auslieferung einen neuen T\u00dcV erhalten.<br \/>\nDas Innere ist ordentlich, aber die Farbe hat einige Gebrauchsspuren. Wenn Sie nichts dagegen haben, dann ist dies wirklich eine Ente f\u00fcr Sie! Es f\u00e4hrt sich sehr gut und ist gut gepflegt.<br \/>\nDer Preis f\u00fcr diese Ente ist nicht schlecht, n\u00e4mlich 7750 \u20ac.<br \/>\nRufen Sie einfach an, wenn Sie es im wirklichen Leben sehen und eine Probefahrt machen m\u00f6chten.<br \/>\nTel. 0031345-681454<\/p>\n","protected":false},"featured_media":10455,"template":"","meta":[],"product_cat":[351],"product_tag":[],"class_list":{"0":"post-10700","1":"product","2":"type-product","3":"status-publish","4":"has-post-thumbnail","6":"product_cat-verkaufte-autos","8":"first","9":"instock","10":"shipping-taxable","11":"purchasable","12":"product-type-simple"},"yoast_head":"<!-- This site is optimized with the Yoast SEO plugin v23.1 - https:\/\/yoast.com\/wordpress\/plugins\/seo\/ -->\n<title>Citro\u00ebn 2cv6 Spezial 1982 - Chateau deux chevaux Beesd<\/title>\n<meta name=\"robots\" content=\"index, follow, max-snippet:-1, max-image-preview:large, max-video-preview:-1\" \/>\n<link rel=\"canonical\" href=\"https:\/\/www.citroen-klassiekers.nl\/de\/produkt\/citroen-2cv6-spezial-1982\/\" \/>\n<meta property=\"og:locale\" content=\"de_DE\" \/>\n<meta property=\"og:type\" content=\"article\" \/>\n<meta property=\"og:title\" content=\"Citro\u00ebn 2cv6 Spezial 1982 - Chateau deux chevaux Beesd\" \/>\n<meta property=\"og:description\" content=\"Citro\u00ebn 2cv6 Spezial Produktionsjahr: 1982 Kilometerstand: 76415 Farbe: Gelb \/ Rot  Dieser sch\u00f6ne fr\u00f6hliche 2cv hat ordentliche Bodenplatten, Fu\u00dfst\u00fctze und Chassis. Das Windschutzscheibenformteil und das Motorhaubenscharnier wurden k\u00fcrzlich ersetzt. Das Dach ist ordentlich, ebenso wie die Reifen, der Motor (mit 123 Z\u00fcndung) und die Box. Es wurde bereits grundlegend von uns \u00fcberarbeitet und nach einer gr\u00fcndlichen Reinigung wird es kurz vor der Auslieferung einen neuen T\u00dcV erhalten. Das Innere ist ordentlich, aber die Farbe hat einige Gebrauchsspuren. Wenn Sie nichts dagegen haben, dann ist dies wirklich eine Ente f\u00fcr Sie! Es f\u00e4hrt sich sehr gut und ist gut gepflegt. Der Preis f\u00fcr diese Ente ist nicht schlecht, n\u00e4mlich 7750 \u20ac. Rufen Sie einfach an, wenn Sie es im wirklichen Leben sehen und eine Probefahrt machen m\u00f6chten. Tel. 0031345-681454\" \/>\n<meta property=\"og:url\" content=\"https:\/\/www.citroen-klassiekers.nl\/de\/produkt\/citroen-2cv6-spezial-1982\/\" \/>\n<meta property=\"og:site_name\" content=\"Chateau deux chevaux Beesd\" \/>\n<meta property=\"article:publisher\" content=\"https:\/\/www.facebook.com\/Chateau-Deux-Chevaux-111854715599808\/\" \/>\n<meta property=\"article:modified_time\" content=\"2020-10-19T10:48:31+00:00\" \/>\n<meta property=\"og:image\" content=\"https:\/\/www.citroen-klassiekers.nl\/wp-content\/uploads\/2020\/10\/20201010_110934.jpg\" \/>\n\t<meta property=\"og:image:width\" content=\"1632\" \/>\n\t<meta property=\"og:image:height\" content=\"1224\" \/>\n\t<meta property=\"og:image:type\" content=\"image\/jpeg\" \/>\n<meta name=\"twitter:card\" content=\"summary_large_image\" \/>\n<meta name=\"twitter:label1\" content=\"Gesch\u00e4tzte Lesezeit\" \/>\n\t<meta name=\"twitter:data1\" content=\"1\u00a0Minute\" \/>\n<script type=\"application\/ld+json\" class=\"yoast-schema-graph\">{\"@context\":\"https:\/\/schema.org\",\"@graph\":[{\"@type\":\"WebPage\",\"@id\":\"https:\/\/www.citroen-klassiekers.nl\/de\/produkt\/citroen-2cv6-spezial-1982\/\",\"url\":\"https:\/\/www.citroen-klassiekers.nl\/de\/produkt\/citroen-2cv6-spezial-1982\/\",\"name\":\"Citro\u00ebn 2cv6 Spezial 1982 - Chateau deux chevaux Beesd\",\"isPartOf\":{\"@id\":\"https:\/\/www.citroen-klassiekers.nl\/de\/#website\"},\"primaryImageOfPage\":{\"@id\":\"https:\/\/www.citroen-klassiekers.nl\/de\/produkt\/citroen-2cv6-spezial-1982\/#primaryimage\"},\"image\":{\"@id\":\"https:\/\/www.citroen-klassiekers.nl\/de\/produkt\/citroen-2cv6-spezial-1982\/#primaryimage\"},\"thumbnailUrl\":\"https:\/\/www.citroen-klassiekers.nl\/wp-content\/uploads\/2020\/10\/20201010_110934.jpg\",\"datePublished\":\"2020-10-19T10:22:28+00:00\",\"dateModified\":\"2020-10-19T10:48:31+00:00\",\"breadcrumb\":{\"@id\":\"https:\/\/www.citroen-klassiekers.nl\/de\/produkt\/citroen-2cv6-spezial-1982\/#breadcrumb\"},\"inLanguage\":\"de\",\"potentialAction\":[{\"@type\":\"ReadAction\",\"target\":[\"https:\/\/www.citroen-klassiekers.nl\/de\/produkt\/citroen-2cv6-spezial-1982\/\"]}]},{\"@type\":\"ImageObject\",\"inLanguage\":\"de\",\"@id\":\"https:\/\/www.citroen-klassiekers.nl\/de\/produkt\/citroen-2cv6-spezial-1982\/#primaryimage\",\"url\":\"https:\/\/www.citroen-klassiekers.nl\/wp-content\/uploads\/2020\/10\/20201010_110934.jpg\",\"contentUrl\":\"https:\/\/www.citroen-klassiekers.nl\/wp-content\/uploads\/2020\/10\/20201010_110934.jpg\",\"width\":1632,\"height\":1224},{\"@type\":\"BreadcrumbList\",\"@id\":\"https:\/\/www.citroen-klassiekers.nl\/de\/produkt\/citroen-2cv6-spezial-1982\/#breadcrumb\",\"itemListElement\":[{\"@type\":\"ListItem\",\"position\":1,\"name\":\"Home\",\"item\":\"https:\/\/www.citroen-klassiekers.nl\/de\/\"},{\"@type\":\"ListItem\",\"position\":2,\"name\":\"Winkel\",\"item\":\"https:\/\/www.citroen-klassiekers.nl\/de\/winkel\/\"},{\"@type\":\"ListItem\",\"position\":3,\"name\":\"Citro\u00ebn 2cv6 Spezial 1982\"}]},{\"@type\":\"WebSite\",\"@id\":\"https:\/\/www.citroen-klassiekers.nl\/de\/#website\",\"url\":\"https:\/\/www.citroen-klassiekers.nl\/de\/\",\"name\":\"Chateau deux chevaux Beesd\",\"description\":\"\",\"publisher\":{\"@id\":\"https:\/\/www.citroen-klassiekers.nl\/de\/#organization\"},\"potentialAction\":[{\"@type\":\"SearchAction\",\"target\":{\"@type\":\"EntryPoint\",\"urlTemplate\":\"https:\/\/www.citroen-klassiekers.nl\/de\/?s={search_term_string}\"},\"query-input\":\"required name=search_term_string\"}],\"inLanguage\":\"de\"},{\"@type\":\"Organization\",\"@id\":\"https:\/\/www.citroen-klassiekers.nl\/de\/#organization\",\"name\":\"Chateau Deux Chevaux\",\"url\":\"https:\/\/www.citroen-klassiekers.nl\/de\/\",\"logo\":{\"@type\":\"ImageObject\",\"inLanguage\":\"de\",\"@id\":\"https:\/\/www.citroen-klassiekers.nl\/de\/#\/schema\/logo\/image\/\",\"url\":\"https:\/\/www.citroen-klassiekers.nl\/wp-content\/uploads\/2015\/11\/Logo-chateau-01-01.png\",\"contentUrl\":\"https:\/\/www.citroen-klassiekers.nl\/wp-content\/uploads\/2015\/11\/Logo-chateau-01-01.png\",\"width\":2946,\"height\":1944,\"caption\":\"Chateau Deux Chevaux\"},\"image\":{\"@id\":\"https:\/\/www.citroen-klassiekers.nl\/de\/#\/schema\/logo\/image\/\"},\"sameAs\":[\"https:\/\/www.facebook.com\/Chateau-Deux-Chevaux-111854715599808\/\",\"https:\/\/www.youtube.com\/user\/Citroenklassiekers\"]}]}<\/script>\n<!-- \/ Yoast SEO plugin. -->","yoast_head_json":{"title":"Citro\u00ebn 2cv6 Spezial 1982 - Chateau deux chevaux Beesd","robots":{"index":"index","follow":"follow","max-snippet":"max-snippet:-1","max-image-preview":"max-image-preview:large","max-video-preview":"max-video-preview:-1"},"canonical":"https:\/\/www.citroen-klassiekers.nl\/de\/produkt\/citroen-2cv6-spezial-1982\/","og_locale":"de_DE","og_type":"article","og_title":"Citro\u00ebn 2cv6 Spezial 1982 - Chateau deux chevaux Beesd","og_description":"Citro\u00ebn 2cv6 Spezial Produktionsjahr: 1982 Kilometerstand: 76415 Farbe: Gelb \/ Rot  Dieser sch\u00f6ne fr\u00f6hliche 2cv hat ordentliche Bodenplatten, Fu\u00dfst\u00fctze und Chassis. Das Windschutzscheibenformteil und das Motorhaubenscharnier wurden k\u00fcrzlich ersetzt. Das Dach ist ordentlich, ebenso wie die Reifen, der Motor (mit 123 Z\u00fcndung) und die Box. Es wurde bereits grundlegend von uns \u00fcberarbeitet und nach einer gr\u00fcndlichen Reinigung wird es kurz vor der Auslieferung einen neuen T\u00dcV erhalten. Das Innere ist ordentlich, aber die Farbe hat einige Gebrauchsspuren. Wenn Sie nichts dagegen haben, dann ist dies wirklich eine Ente f\u00fcr Sie! Es f\u00e4hrt sich sehr gut und ist gut gepflegt. Der Preis f\u00fcr diese Ente ist nicht schlecht, n\u00e4mlich 7750 \u20ac. Rufen Sie einfach an, wenn Sie es im wirklichen Leben sehen und eine Probefahrt machen m\u00f6chten. Tel. 0031345-681454","og_url":"https:\/\/www.citroen-klassiekers.nl\/de\/produkt\/citroen-2cv6-spezial-1982\/","og_site_name":"Chateau deux chevaux Beesd","article_publisher":"https:\/\/www.facebook.com\/Chateau-Deux-Chevaux-111854715599808\/","article_modified_time":"2020-10-19T10:48:31+00:00","og_image":[{"width":1632,"height":1224,"url":"https:\/\/www.citroen-klassiekers.nl\/wp-content\/uploads\/2020\/10\/20201010_110934.jpg","type":"image\/jpeg"}],"twitter_card":"summary_large_image","twitter_misc":{"Gesch\u00e4tzte Lesezeit":"1\u00a0Minute"},"schema":{"@context":"https:\/\/schema.org","@graph":[{"@type":"WebPage","@id":"https:\/\/www.citroen-klassiekers.nl\/de\/produkt\/citroen-2cv6-spezial-1982\/","url":"https:\/\/www.citroen-klassiekers.nl\/de\/produkt\/citroen-2cv6-spezial-1982\/","name":"Citro\u00ebn 2cv6 Spezial 1982 - Chateau deux chevaux Beesd","isPartOf":{"@id":"https:\/\/www.citroen-klassiekers.nl\/de\/#website"},"primaryImageOfPage":{"@id":"https:\/\/www.citroen-klassiekers.nl\/de\/produkt\/citroen-2cv6-spezial-1982\/#primaryimage"},"image":{"@id":"https:\/\/www.citroen-klassiekers.nl\/de\/produkt\/citroen-2cv6-spezial-1982\/#primaryimage"},"thumbnailUrl":"https:\/\/www.citroen-klassiekers.nl\/wp-content\/uploads\/2020\/10\/20201010_110934.jpg","datePublished":"2020-10-19T10:22:28+00:00","dateModified":"2020-10-19T10:48:31+00:00","breadcrumb":{"@id":"https:\/\/www.citroen-klassiekers.nl\/de\/produkt\/citroen-2cv6-spezial-1982\/#breadcrumb"},"inLanguage":"de","potentialAction":[{"@type":"ReadAction","target":["https:\/\/www.citroen-klassiekers.nl\/de\/produkt\/citroen-2cv6-spezial-1982\/"]}]},{"@type":"ImageObject","inLanguage":"de","@id":"https:\/\/www.citroen-klassiekers.nl\/de\/produkt\/citroen-2cv6-spezial-1982\/#primaryimage","url":"https:\/\/www.citroen-klassiekers.nl\/wp-content\/uploads\/2020\/10\/20201010_110934.jpg","contentUrl":"https:\/\/www.citroen-klassiekers.nl\/wp-content\/uploads\/2020\/10\/20201010_110934.jpg","width":1632,"height":1224},{"@type":"BreadcrumbList","@id":"https:\/\/www.citroen-klassiekers.nl\/de\/produkt\/citroen-2cv6-spezial-1982\/#breadcrumb","itemListElement":[{"@type":"ListItem","position":1,"name":"Home","item":"https:\/\/www.citroen-klassiekers.nl\/de\/"},{"@type":"ListItem","position":2,"name":"Winkel","item":"https:\/\/www.citroen-klassiekers.nl\/de\/winkel\/"},{"@type":"ListItem","position":3,"name":"Citro\u00ebn 2cv6 Spezial 1982"}]},{"@type":"WebSite","@id":"https:\/\/www.citroen-klassiekers.nl\/de\/#website","url":"https:\/\/www.citroen-klassiekers.nl\/de\/","name":"Chateau deux chevaux Beesd","description":"","publisher":{"@id":"https:\/\/www.citroen-klassiekers.nl\/de\/#organization"},"potentialAction":[{"@type":"SearchAction","target":{"@type":"EntryPoint","urlTemplate":"https:\/\/www.citroen-klassiekers.nl\/de\/?s={search_term_string}"},"query-input":"required name=search_term_string"}],"inLanguage":"de"},{"@type":"Organization","@id":"https:\/\/www.citroen-klassiekers.nl\/de\/#organization","name":"Chateau Deux Chevaux","url":"https:\/\/www.citroen-klassiekers.nl\/de\/","logo":{"@type":"ImageObject","inLanguage":"de","@id":"https:\/\/www.citroen-klassiekers.nl\/de\/#\/schema\/logo\/image\/","url":"https:\/\/www.citroen-klassiekers.nl\/wp-content\/uploads\/2015\/11\/Logo-chateau-01-01.png","contentUrl":"https:\/\/www.citroen-klassiekers.nl\/wp-content\/uploads\/2015\/11\/Logo-chateau-01-01.png","width":2946,"height":1944,"caption":"Chateau Deux Chevaux"},"image":{"@id":"https:\/\/www.citroen-klassiekers.nl\/de\/#\/schema\/logo\/image\/"},"sameAs":["https:\/\/www.facebook.com\/Chateau-Deux-Chevaux-111854715599808\/","https:\/\/www.youtube.com\/user\/Citroenklassiekers"]}]}},"_links":{"self":[{"href":"https:\/\/www.citroen-klassiekers.nl\/de\/wp-json\/wp\/v2\/product\/10700","targetHints":{"allow":["GET"]}}],"collection":[{"href":"https:\/\/www.citroen-klassiekers.nl\/de\/wp-json\/wp\/v2\/product"}],"about":[{"href":"https:\/\/www.citroen-klassiekers.nl\/de\/wp-json\/wp\/v2\/types\/product"}],"wp:featuredmedia":[{"embeddable":true,"href":"https:\/\/www.citroen-klassiekers.nl\/de\/wp-json\/wp\/v2\/media\/10455"}],"wp:attachment":[{"href":"https:\/\/www.citroen-klassiekers.nl\/de\/wp-json\/wp\/v2\/media?parent=10700"}],"wp:term":[{"taxonomy":"product_cat","embeddable":true,"href":"https:\/\/www.citroen-klassiekers.nl\/de\/wp-json\/wp\/v2\/product_cat?post=10700"},{"taxonomy":"product_tag","embeddable":true,"href":"https:\/\/www.citroen-klassiekers.nl\/de\/wp-json\/wp\/v2\/product_tag?post=10700"}],"curies":[{"name":"wp","href":"https:\/\/api.w.org\/{rel}","templated":true}]}}